{"id":812,"date":"2024-05-22T18:17:17","date_gmt":"2024-05-22T16:17:17","guid":{"rendered":"https:\/\/www.laferreria.cat\/?page_id=812"},"modified":"2024-07-11T12:24:09","modified_gmt":"2024-07-11T10:24:09","slug":"galeria","status":"publish","type":"page","link":"https:\/\/www.laferreria.cat\/es\/galeria\/","title":{"rendered":"Galer\u00eda"},"content":{"rendered":"<div class=\"wpb-content-wrapper\"><p>[vc_row css_animation=\u00bb\u00bb row_type=\u00bbrow\u00bb use_row_as_full_screen_section=\u00bbno\u00bb type=\u00bbgrid\u00bb angled_section=\u00bbno\u00bb text_align=\u00bbleft\u00bb background_image_as_pattern=\u00bbwithout_pattern\u00bb z_index=\u00bb\u00bb padding_top=\u00bb30&#8243;][vc_column][vc_column_text css=\u00bb\u00bb]<\/p>\n<p style=\"text-align: right;\"><a href=\"\/\">Inici<\/a> \/\/ Galeria<\/p>\n<p>[\/vc_column_text][\/vc_column][\/vc_row][vc_row css_animation=\u00bb\u00bb row_type=\u00bbrow\u00bb use_row_as_full_screen_section=\u00bbno\u00bb type=\u00bbgrid\u00bb angled_section=\u00bbno\u00bb text_align=\u00bbleft\u00bb background_image_as_pattern=\u00bbwithout_pattern\u00bb z_index=\u00bb\u00bb css=\u00bb.vc_custom_1720518791365{padding-top: 81px !important;padding-bottom: 58px !important;}\u00bb anchor=\u00bbinici\u00bb][vc_column][vc_column_text css=\u00bb\u00bb]<\/p>\n<h1>El Restaurante La Ferreria en im\u00e1genes<\/h1>\n<p>[\/vc_column_text][vc_empty_space height=\u00bb25&#8243;][vc_column_text css=\u00bb\u00bb]El Restaurante La Ferreria de Tona est\u00e1 ubicado en un lugar privilegiado, empezando por la mas\u00eda centenaria con varios comedores y espacios muy acogedores con un toque r\u00fastico y siguiendo por la terraza, donde podr\u00e1 disfrutar de la tranquilidad del espacio, con el mejor comida y la mejor compa\u00f1\u00eda.[\/vc_column_text][\/vc_column][\/vc_row][vc_row css_animation=\u00bb\u00bb row_type=\u00bbrow\u00bb use_row_as_full_screen_section=\u00bbno\u00bb type=\u00bbgrid\u00bb angled_section=\u00bbno\u00bb text_align=\u00bbleft\u00bb background_image_as_pattern=\u00bbwithout_pattern\u00bb z_index=\u00bb\u00bb padding_top=\u00bb75&#8243; padding_bottom=\u00bb25&#8243;][vc_column][vc_column_text css=\u00bb\u00bb]<\/p>\n<h2>UNA MAS\u00cdA DEL SIGLO XVI CON MUY ENCANTO<\/h2>\n<p>[\/vc_column_text][vc_separator type=\u00bbnormal\u00bb color=\u00bb#000000&#8243; thickness=\u00bb1&#8243; up=\u00bb10&#8243; down=\u00bb55&#8243;][vc_row_inner row_type=\u00bbrow\u00bb type=\u00bbfull_width\u00bb text_align=\u00bbleft\u00bb css_animation=\u00bb\u00bb][vc_column_inner width=\u00bb1\/4&#8243;][vc_column_text css=\u00bb\u00bb]El Restaurante La Ferreria de Tona, situado en el coraz\u00f3n de Catalu\u00f1a, en la comarca de Osona, es una mas\u00eda centenaria catalogada como patrimonio arquitect\u00f3nico con un bagaje de muchos a\u00f1os ofreciendo servicio a todo el mundo que entra por su puerta.[\/vc_column_text][\/vc_column_inner][vc_column_inner width=\u00bb3\/4&#8243;][vc_gallery type=\u00bbimage_grid\u00bb images=\u00bb443,435,476,429,423,425,427,439,441,433,431,437&#8243; img_size=\u00bbfull\u00bb css=\u00bb\u00bb column_number=\u00bb4&#8243; grayscale=\u00bbno\u00bb images_space=\u00bbgallery_with_space\u00bb][\/vc_column_inner][\/vc_row_inner][\/vc_column][\/vc_row][vc_row css_animation=\u00bb\u00bb row_type=\u00bbrow\u00bb use_row_as_full_screen_section=\u00bbno\u00bb type=\u00bbgrid\u00bb angled_section=\u00bbno\u00bb text_align=\u00bbleft\u00bb background_image_as_pattern=\u00bbwithout_pattern\u00bb z_index=\u00bb\u00bb padding_top=\u00bb50&#8243; padding_bottom=\u00bb75&#8243;][vc_column][vc_column_text css=\u00bb\u00bb]<\/p>\n<h2>COCINA DE AUTOR QUE NO TE DEJAR\u00c1 INDIFERENTE<\/h2>\n<p>[\/vc_column_text][vc_separator type=\u00bbnormal\u00bb color=\u00bb#000000&#8243; thickness=\u00bb1&#8243; up=\u00bb10&#8243; down=\u00bb55&#8243;][vc_column_text css=\u00bb\u00bb]El objetivo n\u00famero 1 fue ofrecer un men\u00fa original y atractivo, que no perdiera la esencia de la cocina de mercado ni del producto de temporada. El arroz es uno de los platos fijos del men\u00fa y uno de los platos estrella, ya que se reinventa cada semana y es uno de los imprescindibles, arroz marinero, arroz mar y monta\u00f1a, arroz caldoso de bogavante, arroz negro, arroz y m\u00e1s arroz\u2026 Uno men\u00fa que sorprende a todo el mundo, por la originalidad de los platos y las combinaciones y la cuidada presentaci\u00f3n del producto. Adem\u00e1s un men\u00fa que cambia diferentes veces a la semana, que est\u00e1 vivo y hace que ir a comer o cenar a La Ferreria de Tona sea una cita ineludible para la mayor\u00eda de fans de la buena cocina. Men\u00fa diario, men\u00fa para grupos o grupos, celebraciones familiares o con amigos, especialistas en arroces&#8230;[\/vc_column_text][vc_empty_space height=\u00bb50&#8243;][vc_gallery type=\u00bbimage_grid\u00bb images=\u00bb448,450,452,454,456,458,460,462,464,466,468,470&#8243; img_size=\u00bbfull\u00bb css=\u00bb\u00bb column_number=\u00bb6&#8243; grayscale=\u00bbno\u00bb images_space=\u00bbgallery_with_space\u00bb][\/vc_column][\/vc_row]<\/p>\n<\/div>","protected":false},"excerpt":{"rendered":"<p>[vc_row css_animation=\u00bb\u00bb row_type=\u00bbrow\u00bb use_row_as_full_screen_section=\u00bbno\u00bb type=\u00bbgrid\u00bb angled_section=\u00bbno\u00bb text_align=\u00bbleft\u00bb background_image_as_pattern=\u00bbwithout_pattern\u00bb z_index=\u00bb\u00bb padding_top=\u00bb30&#8243;][vc_column][vc_column_text css=\u00bb\u00bb] Inici \/\/ Galeria [\/vc_column_text][\/vc_column][\/vc_row][vc_row css_animation=\u00bb\u00bb row_type=\u00bbrow\u00bb use_row_as_full_screen_section=\u00bbno\u00bb type=\u00bbgrid\u00bb angled_section=\u00bbno\u00bb text_align=\u00bbleft\u00bb background_image_as_pattern=\u00bbwithout_pattern\u00bb z_index=\u00bb\u00bb css=\u00bb.vc_custom_1720518791365{padding-top: 81px !important;padding-bottom: 58px !important;}\u00bb anchor=\u00bbinici\u00bb][vc_column][vc_column_text css=\u00bb\u00bb] El Restaurante La Ferreria en im\u00e1genes [\/vc_column_text][vc_empty_space height=\u00bb25&#8243;][vc_column_text css=\u00bb\u00bb]El Restaurante La Ferreria de Tona est\u00e1&hellip; <a class=\"continue\" href=\"https:\/\/www.laferreria.cat\/es\/galeria\/\">CONTINUAR >><span> Galer\u00eda<\/span><\/a><\/p>\n","protected":false},"author":1,"featured_media":0,"parent":0,"menu_order":0,"comment_status":"closed","ping_status":"open","template":"full_width.php","meta":{"_joinchat":[],"footnotes":""},"class_list":["post-812","page","type-page","status-publish","hentry"],"_links":{"self":[{"href":"https:\/\/www.laferreria.cat\/es\/wp-json\/wp\/v2\/pages\/812","targetHints":{"allow":["GET"]}}],"collection":[{"href":"https:\/\/www.laferreria.cat\/es\/wp-json\/wp\/v2\/pages"}],"about":[{"href":"https:\/\/www.laferreria.cat\/es\/wp-json\/wp\/v2\/types\/page"}],"author":[{"embeddable":true,"href":"https:\/\/www.laferreria.cat\/es\/wp-json\/wp\/v2\/users\/1"}],"replies":[{"embeddable":true,"href":"https:\/\/www.laferreria.cat\/es\/wp-json\/wp\/v2\/comments?post=812"}],"version-history":[{"count":1,"href":"https:\/\/www.laferreria.cat\/es\/wp-json\/wp\/v2\/pages\/812\/revisions"}],"predecessor-version":[{"id":813,"href":"https:\/\/www.laferreria.cat\/es\/wp-json\/wp\/v2\/pages\/812\/revisions\/813"}],"wp:attachment":[{"href":"https:\/\/www.laferreria.cat\/es\/wp-json\/wp\/v2\/media?parent=812"}],"curies":[{"name":"wp","href":"https:\/\/api.w.org\/{rel}","templated":true}]}}